{"id":37,"date":"2023-11-29T11:07:40","date_gmt":"2023-11-29T10:07:40","guid":{"rendered":"http:\/\/www.cityreno.fr\/?page_id=37"},"modified":"2024-01-30T12:04:46","modified_gmt":"2024-01-30T11:04:46","slug":"cgv","status":"publish","type":"page","link":"https:\/\/www.cityreno.fr\/index.php\/cgv\/","title":{"rendered":"CGV"},"content":{"rendered":"\t\t<div data-elementor-type=\"wp-page\" data-elementor-id=\"37\" class=\"elementor elementor-37\">\n\t\t\t\t<div class=\"elementor-element elementor-element-69aecce e-flex e-con-boxed e-con e-parent\" data-id=\"69aecce\" data-element_type=\"container\" data-settings=\"{&quot;_ha_eqh_enable&quot;:false}\" data-core-v316-plus=\"true\">\n\t\t\t\t\t<div class=\"e-con-inner\">\n\t\t<div class=\"elementor-element elementor-element-22d88dd e-flex e-con-boxed e-con e-child\" data-id=\"22d88dd\" data-element_type=\"container\" data-settings=\"{&quot;_ha_eqh_enable&quot;:false}\">\n\t\t\t\t\t<div class=\"e-con-inner\">\n\t\t\t\t<div class=\"elementor-element elementor-element-eab55f8 elementor-widget elementor-widget-heading\" data-id=\"eab55f8\" data-element_type=\"widget\" data-widget_type=\"heading.default\">\n\t\t\t\t<div class=\"elementor-widget-container\">\n\t\t\t<style>\/*! elementor - v3.20.0 - 26-03-2024 *\/\n.elementor-heading-title{padding:0;margin:0;line-height:1}.elementor-widget-heading .elementor-heading-title[class*=elementor-size-]>a{color:inherit;font-size:inherit;line-height:inherit}.elementor-widget-heading .elementor-heading-title.elementor-size-small{font-size:15px}.elementor-widget-heading .elementor-heading-title.elementor-size-medium{font-size:19px}.elementor-widget-heading .elementor-heading-title.elementor-size-large{font-size:29px}.elementor-widget-heading .elementor-heading-title.elementor-size-xl{font-size:39px}.elementor-widget-heading .elementor-heading-title.elementor-size-xxl{font-size:59px}<\/style><h2 class=\"elementor-heading-title elementor-size-default\">Conditions g\u00e9n\u00e9rales d\u2019ex\u00e9cution de march\u00e9s priv\u00e9s de travaux<\/h2>\t\t<\/div>\n\t\t\t\t<\/div>\n\t\t\t\t\t<\/div>\n\t\t\t\t<\/div>\n\t\t\t\t<div class=\"elementor-element elementor-element-a7178b0 elementor-widget elementor-widget-text-editor\" data-id=\"a7178b0\" data-element_type=\"widget\" data-widget_type=\"text-editor.default\">\n\t\t\t\t<div class=\"elementor-widget-container\">\n\t\t\t<style>\/*! elementor - v3.20.0 - 26-03-2024 *\/\n.elementor-widget-text-editor.elementor-drop-cap-view-stacked .elementor-drop-cap{background-color:#69727d;color:#fff}.elementor-widget-text-editor.elementor-drop-cap-view-framed .elementor-drop-cap{color:#69727d;border:3px solid;background-color:transparent}.elementor-widget-text-editor:not(.elementor-drop-cap-view-default) .elementor-drop-cap{margin-top:8px}.elementor-widget-text-editor:not(.elementor-drop-cap-view-default) .elementor-drop-cap-letter{width:1em;height:1em}.elementor-widget-text-editor .elementor-drop-cap{float:left;text-align:center;line-height:1;font-size:50px}.elementor-widget-text-editor .elementor-drop-cap-letter{display:inline-block}<\/style>\t\t\t\t<p><em><strong>1. Objet et champ d\u2019application :<\/strong><\/em><\/p><p>Le contrat est soumis au droit fran\u00e7ais<\/p><p>Toute commande de travaux implique l\u2019acceptation par le client des pr\u00e9sentes conditions g\u00e9n\u00e9rales d\u2019ex\u00e9cution des march\u00e9s priv\u00e9s de travaux. Celles-ci \u00e9tablissent les conditions contractuelles applicables entre l\u2019entreprise et son client pour la fourniture de travaux. La nullit\u00e9 d\u2019une clause contractuelle n\u2019emporte pas nullit\u00e9 des pr\u00e9sentes conditions g\u00e9n\u00e9rales.<\/p><p>Le devis, ses avenants et les \u00e9tudes techniques sp\u00e9cifiques constituent les conditions particuli\u00e8res des travaux \u00e0 r\u00e9aliser. En cas de diff\u00e9rence, les conditions<\/p><p>particuli\u00e8res priment sur les conditions g\u00e9n\u00e9rales.<\/p><p><em><strong>2. Protection des donn\u00e9es<\/strong><\/em><\/p><p>Les informations recueillies sur le client par l\u2019entreprise sont indispensables \u00e0 la gestion de son contrat. Elles seront conserv\u00e9es aussi longtemps que n\u00e9cessaire pour l\u2019ex\u00e9cution du contrat et pour l\u2019accomplissement d\u2019une obligation l\u00e9gale, telle que les garanties \u00e9ventuellement applicables \u00e0 l\u2019issue des travaux command\u00e9s ou \u00e0 l\u2019exercice d\u2019une pr\u00e9rogative l\u00e9gale.<\/p><p>Le responsable du traitement des donn\u00e9es est l\u2019entreprise :<\/p><p>Nom : CityR\u00e9no<\/p><p>Email kenji.perpi@gmail.com<\/p><p>Coordonn\u00e9es postales :<\/p><p>23 rue de la Lanterne 66000 Perpignan<\/p><p>L\u2019acc\u00e8s aux donn\u00e9es personnelles sera strictement limit\u00e9 aux employ\u00e9s habilit\u00e9s de l\u2019entreprise. Les informations recueillies pourront \u00e9ventuellement \u00eatre communiqu\u00e9es \u00e0 des tiers li\u00e9s \u00e0 l\u2019entreprise par contrat pour l\u2019ex\u00e9cution de t\u00e2ches sous-trait\u00e9es.<\/p><p>Conform\u00e9ment \u00e0 la loi n\u00b078-17 \u00ab Informatique et Libert\u00e9s \u00bb et au R\u00e8glement Europ\u00e9en n\u00b02016\/679, le client dispose d\u2019un droit d\u2019acc\u00e8s, de rectification, d\u2019effacement, de limitation et de portabilit\u00e9 des donn\u00e9es le concernant, ainsi que du droit de s\u2019opposer au traitement pour motif l\u00e9gitime, droits qu\u2019il peut exercer en s\u2019adressant \u00e0 l\u2019entreprise (coordonn\u00e9es ci-dessus), en joignant un justificatif de son identit\u00e9 valide. Le client peut \u00e9galement d\u00e9finir des directives relatives au sort de ces donn\u00e9es apr\u00e8s sa mort.<\/p><p>En cas de r\u00e9clamation, le client peut contacter la CNIL. Le client consommateur a le droit de s\u2019inscrire sur la liste d\u2019opposition au d\u00e9marchage t\u00e9l\u00e9phonique sur le site bloctel.fr.<\/p><p><em><strong>3. Validit\u00e9 de l\u2019offre<\/strong><\/em><\/p><p>L\u2019offre s\u2019entend du devis et des \u00e9tudes techniques sp\u00e9cifiques. L\u2019offre est valable 15 jours \u00e0 compter de sa date de remise au client. L\u2019entreprise se r\u00e9serve le<\/p><p>droit de modifier unilat\u00e9ralement les prix de son offre \u00e0 tout moment, notamment en cas d&#8217;augmentation des co\u00fbts; en cas d&#8217;augmentation des prix<\/p><p>post\u00e9rieure \u00e0 l\u2019acceptation de l\u2019offre, seul le prix fix\u00e9 au jour de cette acceptation sera applicable au client.<\/p><p>Toute demande de modification de l\u2019offre par le client est soumise \u00e0 l\u2019acceptation de l\u2019entreprise.<\/p><p>L\u2019acceptation de l\u2019offre par le client vaut conclusion du march\u00e9.<\/p><p><em><strong>4. Utilisation de l\u2019offre<\/strong><\/em><\/p><p>Les exemplaires du devis descriptif d\u00e9taill\u00e9 et des documents annex\u00e9s restent la propri\u00e9t\u00e9 de l\u2019entreprise ; ils ne peuvent \u00eatre utilis\u00e9s ou communiqu\u00e9es \u00e0<\/p><p>une tierce personne qu\u2019avec l\u2019autorisation \u00e9crite du chef d\u2019entreprise. Ils doivent lui \u00eatre restitu\u00e9s en cas de non-conclusion du contrat ou, le cas \u00e9ch\u00e9ant, de\u00a0<span style=\"color: var( --e-global-color-text ); font-family: var( --e-global-typography-text-font-family ), Sans-serif; text-align: var(--text-align); font-size: var(--wp--preset--font-size--medium); background-color: var(--wp--preset--color--background);\">non-r\u00e9alisation d\u2019une condition suspensive ou d\u2019exercice d\u2019une facult\u00e9 de r\u00e9tractation par le client quand il b\u00e9n\u00e9ficie de l\u2019une ou de l\u2019autre.<\/span><\/p><p><em><strong>5. Photographies des travaux<\/strong><\/em><\/p><p>Le client autorise l\u2019entreprise \u00e0 fixer, reproduire et \u00e0 exploiter les photographies des travaux r\u00e9alis\u00e9s dans le cadre de l\u2019ex\u00e9cution du pr\u00e9sent contrat et ce, afin de les pr\u00e9senter \u00e0 des tiers dans un but de promotion de son activit\u00e9 artisanale, sur les supports suivants :Site internet, r\u00e9seaux sociaux, publicit\u00e9.<\/p><p>La pr\u00e9sente autorisation est consentie \u00e0 l\u2019entreprise pour lesterritoires suivants :internationaux et pour une dur\u00e9e de 20 ans.<\/p><p>Le client garantit n\u2019\u00eatre li\u00e9 par aucun accord avec un tiers, de quelque nature que ce soit, ayant pour objet ou pour effet de limiter ou emp\u00eacher la mise en oeuvre de la pr\u00e9sente autorisation.<\/p><p><b><i>6. Modifications du march\u00e9 &#8211; Avenants<\/i><\/b><\/p><p>Toutes les modifications apport\u00e9es au march\u00e9 feront l\u2019objet d\u2019avenants conclus entre l\u2019entreprise et le client et sp\u00e9cifiant les modifications de co\u00fbts et de d\u00e9lais.<\/p><p><b><i>7. Conditions suspensives<\/i><\/b><\/p><p>7.1 Condition suspensive pour obtention d\u2019autorisations<\/p><p>Le march\u00e9 est conclu sous la condition suspensive d\u2019obtention, dans un d\u00e9lai de trois mois \u00e0 compter de la conclusion du l\u2019offre, des autorisations, administratives ou de voisinage, n\u00e9cessaires \u00e0 l\u2019ex\u00e9cution du march\u00e9 et pr\u00e9cis\u00e9es dans l\u2019offre. Le client se charge de l\u2019obtention des autorisations li\u00e9es au march\u00e9 et en communiquera une copie \u00e0 l\u2019entreprise d\u00e8s r\u00e9ception. L\u2019entreprise proc\u00e9dera si n\u00e9cessaire aux affichages de chantier pr\u00e9vu par le code de l\u2019urbanisme.<\/p><p><strong>7.2 Condition suspensive pour financement<\/strong><\/p><p>Lorsque le client recourt \u00e0 un pr\u00eat pour financer tout ou partie des travaux, il en informe l\u2019entreprise et fait sa demande de pr\u00eat dans les 15 jours de la signature du contrat. Le march\u00e9 est alors conclu sous la condition suspensive d\u2019obtention du pr\u00eat dans un d\u00e9lai pr\u00e9cis\u00e9 par \u00e9crit par le client \u00e0 l\u2019entreprise et qui ne peut pas \u00eatre inf\u00e9rieur \u00e0 un mois suivant la demande de pr\u00eat. Le client s\u2019engage \u00e0 informer l\u2019entreprise par \u00e9crit de l\u2019obtention du pr\u00eat ou de son refus, au plus tard dans les 7 jours suivant l\u2019expiration de ce d\u00e9lai. Cependant, en cas de recours \u00e0 un cr\u00e9dit \u00e0 la consommation pour les travaux, le march\u00e9 sera r\u00e9solu de plein droit si le pr\u00eateur n\u2019a pas inform\u00e9 l\u2019entreprise de l\u2019attribution du cr\u00e9dit dans le d\u00e9lai de sept jours \u00e0 compter de l\u2019acceptation de l\u2019offre de pr\u00eat par le client consommateur (l\u2019emprunteur) ou si le client consommateur (l\u2019emprunteur) a exerc\u00e9 son droit de r\u00e9tractation dans le d\u00e9lai l\u00e9gal.<\/p><p><b><i>7.3 Droit de r\u00e9tractation :\u00a0<\/i><\/b><\/p><p>Le client particulier dispose d\u2019un d\u00e9lai de r\u00e9tractation de 14 jours \u00e0 compter de la conclusion du contrat uniquement lorsque ce dernier est conclu hors \u00e9tablissement de CityR\u00e9no, en pr\u00e9sence simultan\u00e9e des deux parties, et qu\u2019il est sign\u00e9 imm\u00e9diatement apr\u00e8s remise au client. Le client peut exercer ce droit en renvoyant le formulaire de r\u00e9tractation joint au devis, en conservant la preuve de la date d\u2019exercice de ce droit. La loi Hamon du 17 Mars 2014 art24 section 14, stipule que tout contrat sign\u00e9 sur foire ou un salon \u00ab est ferme et d\u00e9finitif \u00bb en ce sens le consommateur ne peut exercer son droit de r\u00e9tractation. De m\u00eame, cet article ne s\u2019applique pas au client professionnel tel que d\u00e9fini par ladite loi.<\/p><p><em><strong>8. Conditions d\u2019ex\u00e9cution des travaux<\/strong><\/em><\/p><p>Les travaux sont r\u00e9alis\u00e9s conform\u00e9ment \u00e0 la r\u00e9glementation et aux r\u00e8gles de l\u2019art en vigueur au jour de l\u2019offre.<\/p><p>L\u2019entreprise se r\u00e9serve le droit de refuser l\u2019utilisation des mat\u00e9riaux ou produits fournis par le client.<\/p><p>L\u2019entreprise est tenue d&#8217;une obligation de conseil envers son client sur l&#8217;utilit\u00e9 et les conditions d&#8217;ex\u00e9cution des travaux, sur les conditions d&#8217;entretien, d&#8217;installation et d&#8217;emploi des appareils.<\/p><p>Lorsque le support r\u00e9v\u00e8le des suj\u00e9tions impr\u00e9vues, non d\u00e9celables par l\u2019entreprise, sauf au moment des travaux, un avenant devra \u00eatre conclu entre les parties pour fixer les travaux suppl\u00e9mentaires, leur co\u00fbt et les d\u00e9lais en d\u00e9coulant. A d\u00e9faut d\u2019accord entre les parties, elles conviennent de recourir, \u00e0 frais partag\u00e9s, \u00e0 une conciliation ou \u00e0 une m\u00e9diation avant toute action judiciaire \u00e9ventuelle.<\/p><p>L\u2019eau, l\u2019\u00e9lectricit\u00e9, les acc\u00e8s, les aires de stockage et d\u2019installation n\u00e9cessaires \u00e0 la r\u00e9alisation des travaux seront mis \u00e0 la disposition de l\u2019entreprise en quantit\u00e9 suffisante, gratuitement et \u00e0 proximit\u00e9 des travaux.<\/p><p>L\u2019entreprise peut recourir \u00e0 la sous-traitance, dans les conditions pr\u00e9vues par la loi du 31 d\u00e9cembre 1975.<\/p><p><em><strong>9. D\u00e9lai d\u2019ex\u00e9cution<\/strong><\/em><\/p><p>Les travaux seront r\u00e9alis\u00e9s dans le d\u00e9lai pr\u00e9cis\u00e9 au devis.<\/p><p>Le d\u00e9lai d\u2019ex\u00e9cution est prolong\u00e9, le cas \u00e9ch\u00e9ant, \u00e0 raison des avenants au march\u00e9 ou de la dur\u00e9e des retards dus au client. Le d\u00e9lai d\u2019ex\u00e9cution est \u00e9galement prolong\u00e9 en cas de force majeure, d\u2019\u00e9pid\u00e9mie, d\u2019intemp\u00e9ries rendant impossible toute ex\u00e9cution des travaux ou de gr\u00e8ve g\u00e9n\u00e9rale de la profession.<\/p><p>Le lieu d\u2019ex\u00e9cution devra, \u00e0 la date de d\u00e9marrage, \u00eatre accessible et les ouvrages pr\u00e9paratoires r\u00e9alis\u00e9s de fa\u00e7on \u00e0 permettre l\u2019engagement des travaux. \u00c0 d\u00e9faut, l\u2019entreprise se r\u00e9serve le droit de modifier ses conditions d\u2019intervention, et en particulier en termes de d\u00e9lais, conditions techniques, conditions de prix.<\/p><p><strong>10. Prix<\/strong><\/p><p>(si l\u2019entreprise d\u00e9sire indexer les prix, pr\u00e9ciser : ) Les prix sont actualis\u00e9s et r\u00e9vis\u00e9s par l\u2019application de la formule de variation des<\/p><p>prix ci-apr\u00e8s d\u00e9finie : (pr\u00e9ciser les r\u00e8gles de variation de prix , exemple :Pr = P0 \u00d7 (Ir\/ I0)<\/p><p>O\u00f9 :<\/p><p>Pr = Prix r\u00e9vis\u00e9 HT<\/p><p>P0 = Prix initial HT<\/p><p>Ir = derni\u00e8re valeur de l\u2019Indice XXXXX (intitul\u00e9, s\u00e9rie, source, code) publi\u00e9 par XXXXX, du mois \u00e0 la date de d\u00e9but des travaux (actualisation) et \u00e0 la date de\u00a0<span style=\"color: var( --e-global-color-text ); font-family: var( --e-global-typography-text-font-family ), Sans-serif; text-align: var(--text-align); font-size: var(--wp--preset--font-size--medium); background-color: var(--wp--preset--color--background);\">r\u00e9alisation des travaux(r\u00e9vision).<\/span><\/p><p>I0 = valeur de l\u2019Indice XXXXX (intitul\u00e9, s\u00e9rie, source, code) Publi par XXXXX, du mois \u00e0 la date de remise de l\u2019offre de prix.<\/p><p>Les prix sont \u00e9tablis sur la base des taux de TVA et taxes en vigueur au moment de l\u2019offre ou des avenants. En cas de modification des charges impos\u00e9e par\u00a0<span style=\"color: var( --e-global-color-text ); font-family: var( --e-global-typography-text-font-family ), Sans-serif; text-align: var(--text-align); font-size: var(--wp--preset--font-size--medium); background-color: var(--wp--preset--color--background);\">les pouvoirs publics, les variations en r\u00e9sultant seront r\u00e9percut\u00e9es sur le prix TTC.<\/span><\/p><p><b><i>11. Conditions de r\u00e8glement<\/i><\/b><\/p><p>Le r\u00e8glement des notes ou des factures se fait, selon les modalit\u00e9s suivantes : (L\u2019entreprise pr\u00e9cise ici ses modalit\u00e9s de r\u00e8glement du march\u00e9).<\/p><p>Les r\u00e8glements sont dus \u00e0 r\u00e9ception des notes ou des factures (ou d\u00e9lai pr\u00e9cis\u00e9 par l\u2019entreprise). Pour les clients professionnels, toute somme non pay\u00e9e \u00e0\u00a0<span style=\"color: var( --e-global-color-text ); font-family: var( --e-global-typography-text-font-family ), Sans-serif; text-align: var(--text-align); font-size: var(--wp--preset--font-size--medium); background-color: var(--wp--preset--color--background);\">l\u2019\u00e9ch\u00e9ance figurant sur la facture entra\u00eene de plein droit, d\u00e8s le jour suivant la date de r\u00e8glement, l\u2019application de p\u00e9nalit\u00e9s de retard d\u2019un montant \u00e9gal \u00e0\u00a0<\/span><span style=\"color: var( --e-global-color-text ); font-family: var( --e-global-typography-text-font-family ), Sans-serif; text-align: var(--text-align); font-size: var(--wp--preset--font-size--medium); background-color: var(--wp--preset--color--background);\">(minimum 3 fois le taux de l\u2019int\u00e9r\u00eat l\u00e9gal) et d\u2019une indemnit\u00e9 forfaitaire pour frais de recouvrement de 40 euros.<\/span><\/p><p>Le r\u00e8glement anticip\u00e9 ne permet pas de b\u00e9n\u00e9ficier d\u2019un escompte.<\/p><p><b><i>12. Garantie de paiement : Article 1799-1 du code civil<\/i><\/b><\/p><p>Pour les travaux dont le montant est sup\u00e9rieur \u00e0 12 000 euros hors taxes et d\u00e9duction faites des avances, le ma\u00eetre d\u2019ouvrage doit\u00a0<span style=\"color: var( --e-global-color-text ); font-family: var( --e-global-typography-text-font-family ), Sans-serif; text-align: var(--text-align); font-size: var(--wp--preset--font-size--medium); background-color: var(--wp--preset--color--background);\">garantir \u00e0 l\u2019entrepreneur le paiement des sommes dues au titre du march\u00e9, conform\u00e9ment \u00e0 l\u2019article 1799-1 du code civil.<\/span><\/p><p><b><i>13. Clause de r\u00e9serve de propri\u00e9t\u00e9<\/i><\/b><\/p><p>Le transfert de propri\u00e9t\u00e9 des biens faisant l\u2019objet du march\u00e9 est suspendu jusqu\u2019\u00e0 complet paiement de leur prix par le client. Le<\/p><p>d\u00e9faut de paiement de ces biens pourra entra\u00eener une revendication des biens concern\u00e9s.<\/p><p>Ces dispositions ne font pas obstacle, \u00e0 la livraison, au transfert \u00e0\u00a0<span style=\"color: var( --e-global-color-text ); font-family: var( --e-global-typography-text-font-family ), Sans-serif; text-align: var(--text-align); font-size: var(--wp--preset--font-size--medium); background-color: var(--wp--preset--color--background);\">l&#8217;acheteur des risques de perte ou de d\u00e9t\u00e9rioration des biens ou des<\/span><\/p><p>dommages dont il serait la cause.<\/p><p><b><i>14. Garanties l\u00e9gales et contractuelles<\/i><\/b><\/p><p>14.1 Garantie l\u00e9gale<\/p><p>Conform\u00e9ment \u00e0 l\u2019article L.217-4 du code de la consommation, l\u2019entreprise livre un bien conforme au contrat et r\u00e9pond des d\u00e9fauts<\/p><p>de conformit\u00e9 existant lors de la d\u00e9livrance. Elle r\u00e9pond \u00e9galement des d\u00e9fauts de conformit\u00e9 r\u00e9sultant de l&#8217;emballage, des instructions de montage ou de\u00a0<span style=\"color: var( --e-global-color-text ); font-family: var( --e-global-typography-text-font-family ), Sans-serif; text-align: var(--text-align); font-size: var(--wp--preset--font-size--medium); background-color: var(--wp--preset--color--background);\">l&#8217;installation lorsque celle-ci a \u00e9t\u00e9 mise \u00e0 sa charge par le contrat ou a \u00e9t\u00e9 r\u00e9alis\u00e9e sous sa responsabilit\u00e9.<\/span><\/p><p>Un bien est conforme au contrat :<\/p><p>1\u00b0 S&#8217;il est propre \u00e0 l&#8217;usage habituellement attendu d&#8217;un bien semblable et, le cas \u00e9ch\u00e9ant :<\/p><p>s&#8217;il correspond \u00e0 la description donn\u00e9e par le vendeur et poss\u00e8de les qualit\u00e9s que celui-ci a pr\u00e9sent\u00e9es \u00e0 l&#8217;acheteur sous forme<\/p><p>d&#8217;\u00e9chantillon ou de mod\u00e8le ;<\/p><p>2\u00b0 Ou s&#8217;il pr\u00e9sente les caract\u00e9ristiques d\u00e9finies d&#8217;un commun accord par les parties ou est propre \u00e0 tout usage sp\u00e9cial recherch\u00e9 par l&#8217;acheteur, port\u00e9 \u00e0 la\u00a0<span style=\"color: var( --e-global-color-text ); font-family: var( --e-global-typography-text-font-family ), Sans-serif; text-align: var(--text-align); font-size: var(--wp--preset--font-size--medium); background-color: var(--wp--preset--color--background);\">connaissance du vendeur et que ce dernier a accept\u00e9 (article L.217-5 du code de la consommation).<\/span><\/p><p>L&#8217;action r\u00e9sultant du d\u00e9faut de conformit\u00e9 se prescrit par deux ans \u00e0 compter de la d\u00e9livrance du bien (article L. 217-12 du code de la consommation).<\/p><p>L\u2019entreprise garantit gratuitement le d\u00e9faut de conformit\u00e9 du bien livr\u00e9 sans exclure le choix laiss\u00e9 au client par l&#8217;article L. 217-13<\/p><p>du m\u00eame code d&#8217;agir sur le fondement de la garantie contre les vices cach\u00e9s du droit commun.<\/p><p>Conform\u00e9ment \u00e0 l\u2019article 1641 du code civil, l\u2019entreprise est tenue de la garantie \u00e0 raison des d\u00e9fauts cach\u00e9s de la chose vendue qui la rendent impropre \u00e0\u00a0<span style=\"color: var( --e-global-color-text ); font-family: var( --e-global-typography-text-font-family ), Sans-serif; text-align: var(--text-align); font-size: var(--wp--preset--font-size--medium); background-color: var(--wp--preset--color--background);\">l&#8217;usage auquel on la destine, ou qui diminuent tellement cet usage que l&#8217;acheteur ne l&#8217;aurait pas acquise, ou n&#8217;en aurait donn\u00e9 qu&#8217;un moindre prix, s&#8217;il les\u00a0<\/span><span style=\"color: var( --e-global-color-text ); font-family: var( --e-global-typography-text-font-family ), Sans-serif; text-align: var(--text-align); font-size: var(--wp--preset--font-size--medium); background-color: var(--wp--preset--color--background);\">avait connus.<\/span><\/p><p>L&#8217;action r\u00e9sultant des vices r\u00e9dhibitoires doit \u00eatre intent\u00e9e par l&#8217;acqu\u00e9reur dans un d\u00e9lai de deux ans \u00e0 compter de la d\u00e9couverte du<\/p><p>vice (article 1648 alin\u00e9a 1 du code civil).<\/p><p><b><i>15. Assurance de responsabilit\u00e9 professionnelle<\/i><\/b><\/p><p>Assurance professionnelle : assurance responsabilit\u00e9 civile professionnelle et d\u00e9cennale, souscrite aupr\u00e8s de VHV assurance France N\u00b0 FR15-RDC23P00766,\u00a0<span style=\"color: var( --e-global-color-text ); font-family: var( --e-global-typography-text-font-family ), Sans-serif; text-align: var(--text-align); font-size: var(--wp--preset--font-size--medium); background-color: var(--wp--preset--color--background);\">valable en France<\/span><\/p><p><b><i>16. R\u00e9ception des travaux<\/i><\/b><\/p><p>La r\u00e9ception des travaux, au sens de l\u2019article 1792-6 du code civil, est l\u2019acte par lequel le client d\u00e9clare accepter l\u2019ouvrage avec ou<\/p><p>sans r\u00e9serve. La r\u00e9ception des travaux se fait en pr\u00e9sence de l\u2019entrepreneur et du client.<\/p><p>L\u2019entreprise avisera le client de la date \u00e0 laquelle les travaux seront termin\u00e9s et une date de visite du chantier sera programm\u00e9e afin de r\u00e9ceptionner les<\/p><p>travaux. Au cours de cette visite, un proc\u00e8s-verbal de r\u00e9ception sera \u00e9tabli en au moins deux exemplaires,<\/p><p>un pour l\u2019entreprise et un pour le client.<\/p><p><b><i>17. R\u00e9siliation du contrat<\/i><\/b><\/p><p>En cas d\u2019inex\u00e9cution de ses obligations par l\u2019une des parties, le contrat pourra \u00eatre r\u00e9sili\u00e9 par le cr\u00e9ancier de l\u2019obligation<\/p><p>inex\u00e9cut\u00e9e, quinze jours apr\u00e8s mise en demeure par lettre recommand\u00e9e avec accus\u00e9 de r\u00e9ception rest\u00e9e sans effet, sans pr\u00e9judice des dommages-int\u00e9r\u00eats qui pourraient \u00eatre r\u00e9clam\u00e9s \u00e0 la partie d\u00e9faillante.<\/p><p><em><strong>18. Contestations<\/strong><\/em><\/p><p>En cas de diff\u00e9rend relatif \u00e0 l&#8217;ex\u00e9cution du march\u00e9, les parties rechercheront, avant toute action contentieuse, un accord amiable et se communiqueront \u00e0 cet effet tous les \u00e9l\u00e9ments d&#8217;information n\u00e9cessaires. CM2C est le m\u00e9diateur de la consommation d\u00e9sign\u00e9 par l\u2019entreprise. En cas de litige, le client consommateur adresse une r\u00e9clamation par \u00e9crit \u00e0 l&#8217;entreprise avant toute saisine \u00e9ventuelle du m\u00e9diateur de la consommation. En cas d&#8217;\u00e9chec de la r\u00e9clamation, le client peut soumettre le diff\u00e9rend \u00e0 ce m\u00e9diateur de la consommation, au plus tard un an apr\u00e8s sa r\u00e9clamation \u00e9crite, \u00e0 l\u2019adresse suivante CM2C 49 Rue de Ponthieu 75008 Paris; E-mail : cm2c@cm2c.net<\/p><p>Pour les clients professionnels, le tribunal comp\u00e9tent sera celui du si\u00e8ge de l\u2019entreprise.<\/p><p>Kenji Doublier<\/p><p>G\u00e9rant de CityR\u00e9no<\/p>\t\t\t\t\t\t<\/div>\n\t\t\t\t<\/div>\n\t\t\t\t\t<\/div>\n\t\t\t\t<\/div>\n\t\t<div class=\"elementor-element elementor-element-0db8542 e-flex e-con-boxed e-con e-parent\" data-id=\"0db8542\" data-element_type=\"container\" data-settings=\"{&quot;_ha_eqh_enable&quot;:false}\" data-core-v316-plus=\"true\">\n\t\t\t\t\t<div class=\"e-con-inner\">\n\t\t\t\t<div class=\"elementor-element elementor-element-d8a72f9 elementor-widget__width-initial elementor-widget elementor-widget-image\" data-id=\"d8a72f9\" data-element_type=\"widget\" data-widget_type=\"image.default\">\n\t\t\t\t<div class=\"elementor-widget-container\">\n\t\t\t<style>\/*! elementor - v3.20.0 - 26-03-2024 *\/\n.elementor-widget-image{text-align:center}.elementor-widget-image a{display:inline-block}.elementor-widget-image a img[src$=\".svg\"]{width:48px}.elementor-widget-image img{vertical-align:middle;display:inline-block}<\/style>\t\t\t\t\t\t\t\t\t\t\t<a href=\"https:\/\/www.cityreno.fr\">\n\t\t\t\t\t\t\t<img fetchpriority=\"high\" decoding=\"async\" width=\"2632\" height=\"1106\" src=\"https:\/\/www.cityreno.fr\/wp-content\/uploads\/2023\/11\/LOGO-CITY-RENO.png\" class=\"attachment-full size-full wp-image-17\" alt=\"\" srcset=\"https:\/\/www.cityreno.fr\/wp-content\/uploads\/2023\/11\/LOGO-CITY-RENO.png 2632w, https:\/\/www.cityreno.fr\/wp-content\/uploads\/2023\/11\/LOGO-CITY-RENO-300x126.png 300w, https:\/\/www.cityreno.fr\/wp-content\/uploads\/2023\/11\/LOGO-CITY-RENO-1024x430.png 1024w, https:\/\/www.cityreno.fr\/wp-content\/uploads\/2023\/11\/LOGO-CITY-RENO-768x323.png 768w, https:\/\/www.cityreno.fr\/wp-content\/uploads\/2023\/11\/LOGO-CITY-RENO-1536x645.png 1536w, https:\/\/www.cityreno.fr\/wp-content\/uploads\/2023\/11\/LOGO-CITY-RENO-2048x861.png 2048w\" sizes=\"(max-width: 2632px) 100vw, 2632px\" \/>\t\t\t\t\t\t\t\t<\/a>\n\t\t\t\t\t\t\t\t\t\t\t\t\t<\/div>\n\t\t\t\t<\/div>\n\t\t\t\t<div class=\"elementor-element elementor-element-a822dfc elementor-widget elementor-widget-text-editor\" data-id=\"a822dfc\" data-element_type=\"widget\" data-widget_type=\"text-editor.default\">\n\t\t\t\t<div class=\"elementor-widget-container\">\n\t\t\t\t\t\t\t<p>MENTIONS L\u00c9GALES | <a href=\"https:\/\/www.cityreno.fr\/index.php\/cgv\/\">CGV<\/a>\u00a0<\/p>\t\t\t\t\t\t<\/div>\n\t\t\t\t<\/div>\n\t\t\t\t\t<\/div>\n\t\t\t\t<\/div>\n\t\t\t\t<\/div>\n\t\t","protected":false},"excerpt":{"rendered":"<p>Conditions g\u00e9n\u00e9rales d\u2019ex\u00e9cution de march\u00e9s priv\u00e9s de travaux 1. Objet et champ d\u2019application : Le contrat est soumis au droit fran\u00e7ais Toute commande de travaux implique l\u2019acceptation par le client des pr\u00e9sentes conditions g\u00e9n\u00e9rales d\u2019ex\u00e9cution des march\u00e9s priv\u00e9s de travaux. Celles-ci \u00e9tablissent les conditions contractuelles applicables entre l\u2019entreprise et son client pour la fourniture de [&hellip;]<\/p>\n","protected":false},"author":1,"featured_media":0,"parent":0,"menu_order":0,"comment_status":"closed","ping_status":"closed","template":"elementor_header_footer","meta":{"footnotes":""},"class_list":["post-37","page","type-page","status-publish","hentry"],"yoast_head":"<!-- This site is optimized with the Yoast SEO plugin v22.3 - https:\/\/yoast.com\/wordpress\/plugins\/seo\/ -->\n<title>CGV - City R\u00e9no<\/title>\n<meta name=\"robots\" content=\"index, follow, max-snippet:-1, max-image-preview:large, max-video-preview:-1\" \/>\n<link rel=\"canonical\" href=\"https:\/\/www.cityreno.fr\/index.php\/cgv\/\" \/>\n<meta property=\"og:locale\" content=\"fr_FR\" \/>\n<meta property=\"og:type\" content=\"article\" \/>\n<meta property=\"og:title\" content=\"CGV - City R\u00e9no\" \/>\n<meta property=\"og:description\" content=\"Conditions g\u00e9n\u00e9rales d\u2019ex\u00e9cution de march\u00e9s priv\u00e9s de travaux 1. Objet et champ d\u2019application : Le contrat est soumis au droit fran\u00e7ais Toute commande de travaux implique l\u2019acceptation par le client des pr\u00e9sentes conditions g\u00e9n\u00e9rales d\u2019ex\u00e9cution des march\u00e9s priv\u00e9s de travaux. Celles-ci \u00e9tablissent les conditions contractuelles applicables entre l\u2019entreprise et son client pour la fourniture de [&hellip;]\" \/>\n<meta property=\"og:url\" content=\"https:\/\/www.cityreno.fr\/index.php\/cgv\/\" \/>\n<meta property=\"og:site_name\" content=\"City R\u00e9no\" \/>\n<meta property=\"article:modified_time\" content=\"2024-01-30T11:04:46+00:00\" \/>\n<meta property=\"og:image\" content=\"http:\/\/www.cityreno.fr\/wp-content\/uploads\/2023\/11\/LOGO-CITY-RENO.png\" \/>\n<meta name=\"twitter:card\" content=\"summary_large_image\" \/>\n<meta name=\"twitter:label1\" content=\"Dur\u00e9e de lecture estim\u00e9e\" \/>\n\t<meta name=\"twitter:data1\" content=\"12 minutes\" \/>\n<script type=\"application\/ld+json\" class=\"yoast-schema-graph\">{\"@context\":\"https:\/\/schema.org\",\"@graph\":[{\"@type\":\"WebPage\",\"@id\":\"https:\/\/www.cityreno.fr\/index.php\/cgv\/\",\"url\":\"https:\/\/www.cityreno.fr\/index.php\/cgv\/\",\"name\":\"CGV - City R\u00e9no\",\"isPartOf\":{\"@id\":\"https:\/\/www.cityreno.fr\/#website\"},\"primaryImageOfPage\":{\"@id\":\"https:\/\/www.cityreno.fr\/index.php\/cgv\/#primaryimage\"},\"image\":{\"@id\":\"https:\/\/www.cityreno.fr\/index.php\/cgv\/#primaryimage\"},\"thumbnailUrl\":\"http:\/\/www.cityreno.fr\/wp-content\/uploads\/2023\/11\/LOGO-CITY-RENO.png\",\"datePublished\":\"2023-11-29T10:07:40+00:00\",\"dateModified\":\"2024-01-30T11:04:46+00:00\",\"breadcrumb\":{\"@id\":\"https:\/\/www.cityreno.fr\/index.php\/cgv\/#breadcrumb\"},\"inLanguage\":\"fr-FR\",\"potentialAction\":[{\"@type\":\"ReadAction\",\"target\":[\"https:\/\/www.cityreno.fr\/index.php\/cgv\/\"]}]},{\"@type\":\"ImageObject\",\"inLanguage\":\"fr-FR\",\"@id\":\"https:\/\/www.cityreno.fr\/index.php\/cgv\/#primaryimage\",\"url\":\"https:\/\/www.cityreno.fr\/wp-content\/uploads\/2023\/11\/LOGO-CITY-RENO.png\",\"contentUrl\":\"https:\/\/www.cityreno.fr\/wp-content\/uploads\/2023\/11\/LOGO-CITY-RENO.png\",\"width\":2632,\"height\":1106},{\"@type\":\"BreadcrumbList\",\"@id\":\"https:\/\/www.cityreno.fr\/index.php\/cgv\/#breadcrumb\",\"itemListElement\":[{\"@type\":\"ListItem\",\"position\":1,\"name\":\"Accueil\",\"item\":\"https:\/\/www.cityreno.fr\/\"},{\"@type\":\"ListItem\",\"position\":2,\"name\":\"CGV\"}]},{\"@type\":\"WebSite\",\"@id\":\"https:\/\/www.cityreno.fr\/#website\",\"url\":\"https:\/\/www.cityreno.fr\/\",\"name\":\"City R\u00e9no\",\"description\":\"R\u00e9novation g\u00e9n\u00e9rale de l&#039;habitat\",\"publisher\":{\"@id\":\"https:\/\/www.cityreno.fr\/#organization\"},\"potentialAction\":[{\"@type\":\"SearchAction\",\"target\":{\"@type\":\"EntryPoint\",\"urlTemplate\":\"https:\/\/www.cityreno.fr\/?s={search_term_string}\"},\"query-input\":\"required name=search_term_string\"}],\"inLanguage\":\"fr-FR\"},{\"@type\":\"Organization\",\"@id\":\"https:\/\/www.cityreno.fr\/#organization\",\"name\":\"City R\u00e9no\",\"url\":\"https:\/\/www.cityreno.fr\/\",\"logo\":{\"@type\":\"ImageObject\",\"inLanguage\":\"fr-FR\",\"@id\":\"https:\/\/www.cityreno.fr\/#\/schema\/logo\/image\/\",\"url\":\"https:\/\/www.cityreno.fr\/wp-content\/uploads\/2024\/01\/City-Reno-Logo.png\",\"contentUrl\":\"https:\/\/www.cityreno.fr\/wp-content\/uploads\/2024\/01\/City-Reno-Logo.png\",\"width\":500,\"height\":500,\"caption\":\"City R\u00e9no\"},\"image\":{\"@id\":\"https:\/\/www.cityreno.fr\/#\/schema\/logo\/image\/\"}}]}<\/script>\n<!-- \/ Yoast SEO plugin. -->","yoast_head_json":{"title":"CGV - City R\u00e9no","robots":{"index":"index","follow":"follow","max-snippet":"max-snippet:-1","max-image-preview":"max-image-preview:large","max-video-preview":"max-video-preview:-1"},"canonical":"https:\/\/www.cityreno.fr\/index.php\/cgv\/","og_locale":"fr_FR","og_type":"article","og_title":"CGV - City R\u00e9no","og_description":"Conditions g\u00e9n\u00e9rales d\u2019ex\u00e9cution de march\u00e9s priv\u00e9s de travaux 1. Objet et champ d\u2019application : Le contrat est soumis au droit fran\u00e7ais Toute commande de travaux implique l\u2019acceptation par le client des pr\u00e9sentes conditions g\u00e9n\u00e9rales d\u2019ex\u00e9cution des march\u00e9s priv\u00e9s de travaux. Celles-ci \u00e9tablissent les conditions contractuelles applicables entre l\u2019entreprise et son client pour la fourniture de [&hellip;]","og_url":"https:\/\/www.cityreno.fr\/index.php\/cgv\/","og_site_name":"City R\u00e9no","article_modified_time":"2024-01-30T11:04:46+00:00","og_image":[{"url":"http:\/\/www.cityreno.fr\/wp-content\/uploads\/2023\/11\/LOGO-CITY-RENO.png"}],"twitter_card":"summary_large_image","twitter_misc":{"Dur\u00e9e de lecture estim\u00e9e":"12 minutes"},"schema":{"@context":"https:\/\/schema.org","@graph":[{"@type":"WebPage","@id":"https:\/\/www.cityreno.fr\/index.php\/cgv\/","url":"https:\/\/www.cityreno.fr\/index.php\/cgv\/","name":"CGV - City R\u00e9no","isPartOf":{"@id":"https:\/\/www.cityreno.fr\/#website"},"primaryImageOfPage":{"@id":"https:\/\/www.cityreno.fr\/index.php\/cgv\/#primaryimage"},"image":{"@id":"https:\/\/www.cityreno.fr\/index.php\/cgv\/#primaryimage"},"thumbnailUrl":"http:\/\/www.cityreno.fr\/wp-content\/uploads\/2023\/11\/LOGO-CITY-RENO.png","datePublished":"2023-11-29T10:07:40+00:00","dateModified":"2024-01-30T11:04:46+00:00","breadcrumb":{"@id":"https:\/\/www.cityreno.fr\/index.php\/cgv\/#breadcrumb"},"inLanguage":"fr-FR","potentialAction":[{"@type":"ReadAction","target":["https:\/\/www.cityreno.fr\/index.php\/cgv\/"]}]},{"@type":"ImageObject","inLanguage":"fr-FR","@id":"https:\/\/www.cityreno.fr\/index.php\/cgv\/#primaryimage","url":"https:\/\/www.cityreno.fr\/wp-content\/uploads\/2023\/11\/LOGO-CITY-RENO.png","contentUrl":"https:\/\/www.cityreno.fr\/wp-content\/uploads\/2023\/11\/LOGO-CITY-RENO.png","width":2632,"height":1106},{"@type":"BreadcrumbList","@id":"https:\/\/www.cityreno.fr\/index.php\/cgv\/#breadcrumb","itemListElement":[{"@type":"ListItem","position":1,"name":"Accueil","item":"https:\/\/www.cityreno.fr\/"},{"@type":"ListItem","position":2,"name":"CGV"}]},{"@type":"WebSite","@id":"https:\/\/www.cityreno.fr\/#website","url":"https:\/\/www.cityreno.fr\/","name":"City R\u00e9no","description":"R\u00e9novation g\u00e9n\u00e9rale de l&#039;habitat","publisher":{"@id":"https:\/\/www.cityreno.fr\/#organization"},"potentialAction":[{"@type":"SearchAction","target":{"@type":"EntryPoint","urlTemplate":"https:\/\/www.cityreno.fr\/?s={search_term_string}"},"query-input":"required name=search_term_string"}],"inLanguage":"fr-FR"},{"@type":"Organization","@id":"https:\/\/www.cityreno.fr\/#organization","name":"City R\u00e9no","url":"https:\/\/www.cityreno.fr\/","logo":{"@type":"ImageObject","inLanguage":"fr-FR","@id":"https:\/\/www.cityreno.fr\/#\/schema\/logo\/image\/","url":"https:\/\/www.cityreno.fr\/wp-content\/uploads\/2024\/01\/City-Reno-Logo.png","contentUrl":"https:\/\/www.cityreno.fr\/wp-content\/uploads\/2024\/01\/City-Reno-Logo.png","width":500,"height":500,"caption":"City R\u00e9no"},"image":{"@id":"https:\/\/www.cityreno.fr\/#\/schema\/logo\/image\/"}}]}},"_links":{"self":[{"href":"https:\/\/www.cityreno.fr\/index.php\/wp-json\/wp\/v2\/pages\/37","targetHints":{"allow":["GET"]}}],"collection":[{"href":"https:\/\/www.cityreno.fr\/index.php\/wp-json\/wp\/v2\/pages"}],"about":[{"href":"https:\/\/www.cityreno.fr\/index.php\/wp-json\/wp\/v2\/types\/page"}],"author":[{"embeddable":true,"href":"https:\/\/www.cityreno.fr\/index.php\/wp-json\/wp\/v2\/users\/1"}],"replies":[{"embeddable":true,"href":"https:\/\/www.cityreno.fr\/index.php\/wp-json\/wp\/v2\/comments?post=37"}],"version-history":[{"count":13,"href":"https:\/\/www.cityreno.fr\/index.php\/wp-json\/wp\/v2\/pages\/37\/revisions"}],"predecessor-version":[{"id":133,"href":"https:\/\/www.cityreno.fr\/index.php\/wp-json\/wp\/v2\/pages\/37\/revisions\/133"}],"wp:attachment":[{"href":"https:\/\/www.cityreno.fr\/index.php\/wp-json\/wp\/v2\/media?parent=37"}],"curies":[{"name":"wp","href":"https:\/\/api.w.org\/{rel}","templated":true}]}}